{"id":1732,"date":"2025-03-10T09:50:55","date_gmt":"2025-03-10T08:50:55","guid":{"rendered":"https:\/\/comercial.respiraenergia.com\/politica-per-la-qualita\/"},"modified":"2025-10-16T10:01:49","modified_gmt":"2025-10-16T08:01:49","slug":"politica-per-la-qualita","status":"publish","type":"page","link":"https:\/\/comercial.respiraenergia.com\/it\/politica-per-la-qualita\/","title":{"rendered":"Politica per la Qualit\u00e0"},"content":{"rendered":"<style>.kb-row-layout-id1732_aec41b-6e > .kt-row-column-wrap{align-content:start;}:where(.kb-row-layout-id1732_aec41b-6e > .kt-row-column-wrap) > .wp-block-kadence-column{justify-content:start;}.kb-row-layout-id1732_aec41b-6e > .kt-row-column-wrap{column-gap:var(--global-kb-gap-md, 2rem);row-gap:var(--global-kb-gap-md, 2rem);padding-top:var(--global-kb-spacing-xxl, 5rem);padding-bottom:var(--global-kb-spacing-xxl, 5rem);grid-template-columns:minmax(0, 1fr);}.kb-row-layout-id1732_aec41b-6e > .kt-row-layout-overlay{opacity:0.30;}@media all and (max-width: 1024px){.kb-row-layout-id1732_aec41b-6e > .kt-row-column-wrap{grid-template-columns:minmax(0, 1fr);}}@media all and (max-width: 767px){.kb-row-layout-id1732_aec41b-6e > .kt-row-column-wrap{grid-template-columns:minmax(0, 1fr);}}<\/style><div class=\"kb-row-layout-wrap kb-row-layout-id1732_aec41b-6e alignnone wp-block-kadence-rowlayout\"><div class=\"kt-row-column-wrap kt-has-1-columns kt-row-layout-equal kt-tab-layout-inherit kt-mobile-layout-row kt-row-valign-top\">\n<style>.kadence-column1732_5005d9-6b > .kt-inside-inner-col,.kadence-column1732_5005d9-6b > .kt-inside-inner-col:before{border-top-left-radius:0px;border-top-right-radius:0px;border-bottom-right-radius:0px;border-bottom-left-radius:0px;}.kadence-column1732_5005d9-6b > .kt-inside-inner-col{column-gap:var(--global-kb-gap-sm, 1rem);}.kadence-column1732_5005d9-6b > .kt-inside-inner-col{flex-direction:column;}.kadence-column1732_5005d9-6b > .kt-inside-inner-col > .aligncenter{width:100%;}.kadence-column1732_5005d9-6b > .kt-inside-inner-col:before{opacity:0.3;}.kadence-column1732_5005d9-6b{position:relative;}@media all and (max-width: 1024px){.kadence-column1732_5005d9-6b > .kt-inside-inner-col{flex-direction:column;justify-content:center;}}@media all and (max-width: 767px){.kadence-column1732_5005d9-6b > .kt-inside-inner-col{flex-direction:column;justify-content:center;}}<\/style>\n<div class=\"wp-block-kadence-column kadence-column1732_5005d9-6b\"><div class=\"kt-inside-inner-col\"><style>.wp-block-kadence-advancedheading.kt-adv-heading1732_6dd98f-e0, .wp-block-kadence-advancedheading.kt-adv-heading1732_6dd98f-e0[data-kb-block=\"kb-adv-heading1732_6dd98f-e0\"]{font-size:var(--global-kb-font-size-xl, 3rem);font-style:normal;}.wp-block-kadence-advancedheading.kt-adv-heading1732_6dd98f-e0 mark.kt-highlight, .wp-block-kadence-advancedheading.kt-adv-heading1732_6dd98f-e0[data-kb-block=\"kb-adv-heading1732_6dd98f-e0\"] mark.kt-highlight{font-style:normal;color:#f76a0c;-webkit-box-decoration-break:clone;box-decoration-break:clone;padding-top:0px;padding-right:0px;padding-bottom:0px;padding-left:0px;}.wp-block-kadence-advancedheading.kt-adv-heading1732_6dd98f-e0 img.kb-inline-image, .wp-block-kadence-advancedheading.kt-adv-heading1732_6dd98f-e0[data-kb-block=\"kb-adv-heading1732_6dd98f-e0\"] img.kb-inline-image{width:150px;vertical-align:baseline;}<\/style>\n<h1 class=\"kt-adv-heading1732_6dd98f-e0 wp-block-kadence-advancedheading\" data-kb-block=\"kb-adv-heading1732_6dd98f-e0\">Politica per la Qualit\u00e0<\/h1>\n\n\n\n<p>Intendiamo la qualit\u00e0 come miglioramento continuo e ricerca dell&#8217;eccellenza in tutti i processi e le attivit\u00e0 che svolgiamo per gestire l&#8217;energia elettrica proveniente da produttori che non generano CO2 a tutti i tipi di consumatori finali: famiglie, PMI e utenti industriali.<\/p>\n\n\n\n<p>Il nostro obiettivo \u00e8 contribuire alla decarbonizzazione della societ\u00e0 nel campo dell&#8217;elettricit\u00e0.<\/p>\n\n\n\n<p>Per raggiungere i nostri obiettivi, disponiamo di un team tecnico altamente qualificato e ci sforziamo di creare un buon ambiente di lavoro e condizioni che consentano al team di contribuire con il proprio talento e le proprie visioni all&#8217;implementazione di soluzioni relative all&#8217;obiettivo principale di RESPIRA: la decarbonizzazione.<\/p>\n\n\n\n<p>Questa politica \u00e8 estesa a tutto il team di professionisti che fanno parte di RESPIRA ma che non lavorano fisicamente presso la sede di Barcellona.<\/p>\n\n\n\n<p>La presente informativa contempla ed \u00e8 a disposizione di tutte le parti interessate.<\/p>\n\n\n\n<p>RESPIRA si impegna inoltre a migliorare continuamente e periodicamente il sistema di gestione per la qualit\u00e0 implementato nonch\u00e9 a rispettare i requisiti di legge applicabili.<\/p>\n\n\n\n<p>L&#8217;attivit\u00e0 che RESPIRA considera conforme alla qualit\u00e0 richiesta secondo la Norma Internazionale ISO 9001:2015 \u00e8 quella di:<\/p>\n\n\n\n<p><strong>Commercializzazione di elettricit\u00e0 senza emissioni di CO2<\/strong><\/p>\n\n\n\n<object data=\"https:\/\/comercial.respiraenergia.com\/wp-content\/uploads\/2025\/10\/ISO-9001-CAT-RESPIRA-ENERGIA-REN_signed.pdf\" style=\"width:100%;height:550px\"><\/object>\n<\/div><\/div>\n\n<\/div><\/div>","protected":false},"excerpt":{"rendered":"<p>Politica per la Qualit\u00e0 Intendiamo la qualit\u00e0 come miglioramento continuo e ricerca dell&#8217;eccellenza in tutti i processi e le attivit\u00e0 che svolgiamo per gestire l&#8217;energia elettrica proveniente da produttori che non generano CO2 a tutti i tipi di consumatori finali: famiglie, PMI e utenti industriali. Il nostro obiettivo \u00e8 contribuire alla decarbonizzazione della societ\u00e0 nel&#8230;<\/p>\n","protected":false},"author":1,"featured_media":0,"parent":0,"menu_order":0,"comment_status":"closed","ping_status":"closed","template":"","meta":{"_acf_changed":false,"inline_featured_image":false,"_kad_blocks_custom_css":"","_kad_blocks_head_custom_js":"","_kad_blocks_body_custom_js":"","_kad_blocks_footer_custom_js":"","_kad_post_transparent":"","_kad_post_title":"","_kad_post_layout":"","_kad_post_sidebar_id":"","_kad_post_content_style":"","_kad_post_vertical_padding":"","_kad_post_feature":"","_kad_post_feature_position":"","_kad_post_header":false,"_kad_post_footer":false,"_kad_post_classname":"","footnotes":""},"class_list":["post-1732","page","type-page","status-publish","hentry"],"acf":[],"yoast_head":"<!-- This site is optimized with the Yoast SEO plugin v26.8 - https:\/\/yoast.com\/product\/yoast-seo-wordpress\/ -->\n<title>Politica per la Qualit\u00e0 - Respira, electricitat sense CO2<\/title>\n<meta name=\"robots\" content=\"index, follow, max-snippet:-1, max-image-preview:large, max-video-preview:-1\" \/>\n<link rel=\"canonical\" href=\"https:\/\/comercial.respiraenergia.com\/it\/politica-per-la-qualita\/\" \/>\n<meta property=\"og:locale\" content=\"it_IT\" \/>\n<meta property=\"og:type\" content=\"article\" \/>\n<meta property=\"og:title\" content=\"Politica per la Qualit\u00e0 - Respira, electricitat sense CO2\" \/>\n<meta property=\"og:description\" content=\"Politica per la Qualit\u00e0 Intendiamo la qualit\u00e0 come miglioramento continuo e ricerca dell&#8217;eccellenza in tutti i processi e le attivit\u00e0 che svolgiamo per gestire l&#8217;energia elettrica proveniente da produttori che non generano CO2 a tutti i tipi di consumatori finali: famiglie, PMI e utenti industriali. Il nostro obiettivo \u00e8 contribuire alla decarbonizzazione della societ\u00e0 nel...\" \/>\n<meta property=\"og:url\" content=\"https:\/\/comercial.respiraenergia.com\/it\/politica-per-la-qualita\/\" \/>\n<meta property=\"og:site_name\" content=\"Respira, electricitat sense CO2\" \/>\n<meta property=\"article:modified_time\" content=\"2025-10-16T08:01:49+00:00\" \/>\n<meta name=\"twitter:card\" content=\"summary_large_image\" \/>\n<meta name=\"twitter:label1\" content=\"Tempo di lettura stimato\" \/>\n\t<meta name=\"twitter:data1\" content=\"2 minuti\" \/>\n<script type=\"application\/ld+json\" class=\"yoast-schema-graph\">{\"@context\":\"https:\/\/schema.org\",\"@graph\":[{\"@type\":\"WebPage\",\"@id\":\"https:\/\/comercial.respiraenergia.com\/it\/politica-per-la-qualita\/\",\"url\":\"https:\/\/comercial.respiraenergia.com\/it\/politica-per-la-qualita\/\",\"name\":\"Politica per la Qualit\u00e0 - Respira, electricitat sense CO2\",\"isPartOf\":{\"@id\":\"https:\/\/comercial.respiraenergia.com\/it\/#website\"},\"datePublished\":\"2025-03-10T08:50:55+00:00\",\"dateModified\":\"2025-10-16T08:01:49+00:00\",\"breadcrumb\":{\"@id\":\"https:\/\/comercial.respiraenergia.com\/it\/politica-per-la-qualita\/#breadcrumb\"},\"inLanguage\":\"it-IT\",\"potentialAction\":[{\"@type\":\"ReadAction\",\"target\":[\"https:\/\/comercial.respiraenergia.com\/it\/politica-per-la-qualita\/\"]}]},{\"@type\":\"BreadcrumbList\",\"@id\":\"https:\/\/comercial.respiraenergia.com\/it\/politica-per-la-qualita\/#breadcrumb\",\"itemListElement\":[{\"@type\":\"ListItem\",\"position\":1,\"name\":\"Home\",\"item\":\"https:\/\/comercial.respiraenergia.com\/it\/\"},{\"@type\":\"ListItem\",\"position\":2,\"name\":\"Politica per la Qualit\u00e0\"}]},{\"@type\":\"WebSite\",\"@id\":\"https:\/\/comercial.respiraenergia.com\/it\/#website\",\"url\":\"https:\/\/comercial.respiraenergia.com\/it\/\",\"name\":\"Respira, electricitat sense CO2\",\"description\":\"El futur de les renovables m\u00e9s a prop teu\",\"publisher\":{\"@id\":\"https:\/\/comercial.respiraenergia.com\/it\/#organization\"},\"potentialAction\":[{\"@type\":\"SearchAction\",\"target\":{\"@type\":\"EntryPoint\",\"urlTemplate\":\"https:\/\/comercial.respiraenergia.com\/it\/?s={search_term_string}\"},\"query-input\":{\"@type\":\"PropertyValueSpecification\",\"valueRequired\":true,\"valueName\":\"search_term_string\"}}],\"inLanguage\":\"it-IT\"},{\"@type\":\"Organization\",\"@id\":\"https:\/\/comercial.respiraenergia.com\/it\/#organization\",\"name\":\"Respira, electricitat sense CO2\",\"url\":\"https:\/\/comercial.respiraenergia.com\/it\/\",\"logo\":{\"@type\":\"ImageObject\",\"inLanguage\":\"it-IT\",\"@id\":\"https:\/\/comercial.respiraenergia.com\/it\/#\/schema\/logo\/image\/\",\"url\":\"https:\/\/comercial.respiraenergia.com\/wp-content\/uploads\/2025\/03\/logo_respira_v2.svg\",\"contentUrl\":\"https:\/\/comercial.respiraenergia.com\/wp-content\/uploads\/2025\/03\/logo_respira_v2.svg\",\"caption\":\"Respira, electricitat sense CO2\"},\"image\":{\"@id\":\"https:\/\/comercial.respiraenergia.com\/it\/#\/schema\/logo\/image\/\"}}]}<\/script>\n<!-- \/ Yoast SEO plugin. -->","yoast_head_json":{"title":"Politica per la Qualit\u00e0 - Respira, electricitat sense CO2","robots":{"index":"index","follow":"follow","max-snippet":"max-snippet:-1","max-image-preview":"max-image-preview:large","max-video-preview":"max-video-preview:-1"},"canonical":"https:\/\/comercial.respiraenergia.com\/it\/politica-per-la-qualita\/","og_locale":"it_IT","og_type":"article","og_title":"Politica per la Qualit\u00e0 - Respira, electricitat sense CO2","og_description":"Politica per la Qualit\u00e0 Intendiamo la qualit\u00e0 come miglioramento continuo e ricerca dell&#8217;eccellenza in tutti i processi e le attivit\u00e0 che svolgiamo per gestire l&#8217;energia elettrica proveniente da produttori che non generano CO2 a tutti i tipi di consumatori finali: famiglie, PMI e utenti industriali. Il nostro obiettivo \u00e8 contribuire alla decarbonizzazione della societ\u00e0 nel...","og_url":"https:\/\/comercial.respiraenergia.com\/it\/politica-per-la-qualita\/","og_site_name":"Respira, electricitat sense CO2","article_modified_time":"2025-10-16T08:01:49+00:00","twitter_card":"summary_large_image","twitter_misc":{"Tempo di lettura stimato":"2 minuti"},"schema":{"@context":"https:\/\/schema.org","@graph":[{"@type":"WebPage","@id":"https:\/\/comercial.respiraenergia.com\/it\/politica-per-la-qualita\/","url":"https:\/\/comercial.respiraenergia.com\/it\/politica-per-la-qualita\/","name":"Politica per la Qualit\u00e0 - Respira, electricitat sense CO2","isPartOf":{"@id":"https:\/\/comercial.respiraenergia.com\/it\/#website"},"datePublished":"2025-03-10T08:50:55+00:00","dateModified":"2025-10-16T08:01:49+00:00","breadcrumb":{"@id":"https:\/\/comercial.respiraenergia.com\/it\/politica-per-la-qualita\/#breadcrumb"},"inLanguage":"it-IT","potentialAction":[{"@type":"ReadAction","target":["https:\/\/comercial.respiraenergia.com\/it\/politica-per-la-qualita\/"]}]},{"@type":"BreadcrumbList","@id":"https:\/\/comercial.respiraenergia.com\/it\/politica-per-la-qualita\/#breadcrumb","itemListElement":[{"@type":"ListItem","position":1,"name":"Home","item":"https:\/\/comercial.respiraenergia.com\/it\/"},{"@type":"ListItem","position":2,"name":"Politica per la Qualit\u00e0"}]},{"@type":"WebSite","@id":"https:\/\/comercial.respiraenergia.com\/it\/#website","url":"https:\/\/comercial.respiraenergia.com\/it\/","name":"Respira, electricitat sense CO2","description":"El futur de les renovables m\u00e9s a prop teu","publisher":{"@id":"https:\/\/comercial.respiraenergia.com\/it\/#organization"},"potentialAction":[{"@type":"SearchAction","target":{"@type":"EntryPoint","urlTemplate":"https:\/\/comercial.respiraenergia.com\/it\/?s={search_term_string}"},"query-input":{"@type":"PropertyValueSpecification","valueRequired":true,"valueName":"search_term_string"}}],"inLanguage":"it-IT"},{"@type":"Organization","@id":"https:\/\/comercial.respiraenergia.com\/it\/#organization","name":"Respira, electricitat sense CO2","url":"https:\/\/comercial.respiraenergia.com\/it\/","logo":{"@type":"ImageObject","inLanguage":"it-IT","@id":"https:\/\/comercial.respiraenergia.com\/it\/#\/schema\/logo\/image\/","url":"https:\/\/comercial.respiraenergia.com\/wp-content\/uploads\/2025\/03\/logo_respira_v2.svg","contentUrl":"https:\/\/comercial.respiraenergia.com\/wp-content\/uploads\/2025\/03\/logo_respira_v2.svg","caption":"Respira, electricitat sense CO2"},"image":{"@id":"https:\/\/comercial.respiraenergia.com\/it\/#\/schema\/logo\/image\/"}}]}},"taxonomy_info":[],"featured_image_src_large":false,"author_info":{"display_name":"jordi","author_link":"https:\/\/comercial.respiraenergia.com\/it\/author\/jordi\/"},"comment_info":"","_links":{"self":[{"href":"https:\/\/comercial.respiraenergia.com\/it\/wp-json\/wp\/v2\/pages\/1732","targetHints":{"allow":["GET"]}}],"collection":[{"href":"https:\/\/comercial.respiraenergia.com\/it\/wp-json\/wp\/v2\/pages"}],"about":[{"href":"https:\/\/comercial.respiraenergia.com\/it\/wp-json\/wp\/v2\/types\/page"}],"author":[{"embeddable":true,"href":"https:\/\/comercial.respiraenergia.com\/it\/wp-json\/wp\/v2\/users\/1"}],"replies":[{"embeddable":true,"href":"https:\/\/comercial.respiraenergia.com\/it\/wp-json\/wp\/v2\/comments?post=1732"}],"version-history":[{"count":2,"href":"https:\/\/comercial.respiraenergia.com\/it\/wp-json\/wp\/v2\/pages\/1732\/revisions"}],"predecessor-version":[{"id":3739,"href":"https:\/\/comercial.respiraenergia.com\/it\/wp-json\/wp\/v2\/pages\/1732\/revisions\/3739"}],"wp:attachment":[{"href":"https:\/\/comercial.respiraenergia.com\/it\/wp-json\/wp\/v2\/media?parent=1732"}],"curies":[{"name":"wp","href":"https:\/\/api.w.org\/{rel}","templated":true}]}}