{"id":1736,"date":"2025-03-10T09:50:55","date_gmt":"2025-03-10T08:50:55","guid":{"rendered":"https:\/\/comercial.respiraenergia.com\/politica-de-calidade\/"},"modified":"2025-10-16T10:01:56","modified_gmt":"2025-10-16T08:01:56","slug":"politica-de-calidade","status":"publish","type":"page","link":"https:\/\/comercial.respiraenergia.com\/gl\/politica-de-calidade\/","title":{"rendered":"Pol\u00edtica de Calidade"},"content":{"rendered":"<style>.kb-row-layout-id1736_7e70b3-85 > .kt-row-column-wrap{align-content:start;}:where(.kb-row-layout-id1736_7e70b3-85 > .kt-row-column-wrap) > .wp-block-kadence-column{justify-content:start;}.kb-row-layout-id1736_7e70b3-85 > .kt-row-column-wrap{column-gap:var(--global-kb-gap-md, 2rem);row-gap:var(--global-kb-gap-md, 2rem);padding-top:var(--global-kb-spacing-xxl, 5rem);padding-bottom:var(--global-kb-spacing-xxl, 5rem);grid-template-columns:minmax(0, 1fr);}.kb-row-layout-id1736_7e70b3-85 > .kt-row-layout-overlay{opacity:0.30;}@media all and (max-width: 1024px){.kb-row-layout-id1736_7e70b3-85 > .kt-row-column-wrap{grid-template-columns:minmax(0, 1fr);}}@media all and (max-width: 767px){.kb-row-layout-id1736_7e70b3-85 > .kt-row-column-wrap{grid-template-columns:minmax(0, 1fr);}}<\/style><div class=\"kb-row-layout-wrap kb-row-layout-id1736_7e70b3-85 alignnone wp-block-kadence-rowlayout\"><div class=\"kt-row-column-wrap kt-has-1-columns kt-row-layout-equal kt-tab-layout-inherit kt-mobile-layout-row kt-row-valign-top\">\n<style>.kadence-column1736_35d511-24 > .kt-inside-inner-col,.kadence-column1736_35d511-24 > .kt-inside-inner-col:before{border-top-left-radius:0px;border-top-right-radius:0px;border-bottom-right-radius:0px;border-bottom-left-radius:0px;}.kadence-column1736_35d511-24 > .kt-inside-inner-col{column-gap:var(--global-kb-gap-sm, 1rem);}.kadence-column1736_35d511-24 > .kt-inside-inner-col{flex-direction:column;}.kadence-column1736_35d511-24 > .kt-inside-inner-col > .aligncenter{width:100%;}.kadence-column1736_35d511-24 > .kt-inside-inner-col:before{opacity:0.3;}.kadence-column1736_35d511-24{position:relative;}@media all and (max-width: 1024px){.kadence-column1736_35d511-24 > .kt-inside-inner-col{flex-direction:column;justify-content:center;}}@media all and (max-width: 767px){.kadence-column1736_35d511-24 > .kt-inside-inner-col{flex-direction:column;justify-content:center;}}<\/style>\n<div class=\"wp-block-kadence-column kadence-column1736_35d511-24\"><div class=\"kt-inside-inner-col\"><style>.wp-block-kadence-advancedheading.kt-adv-heading1736_cb7df2-74, .wp-block-kadence-advancedheading.kt-adv-heading1736_cb7df2-74[data-kb-block=\"kb-adv-heading1736_cb7df2-74\"]{font-size:var(--global-kb-font-size-xl, 3rem);font-style:normal;}.wp-block-kadence-advancedheading.kt-adv-heading1736_cb7df2-74 mark.kt-highlight, .wp-block-kadence-advancedheading.kt-adv-heading1736_cb7df2-74[data-kb-block=\"kb-adv-heading1736_cb7df2-74\"] mark.kt-highlight{font-style:normal;color:#f76a0c;-webkit-box-decoration-break:clone;box-decoration-break:clone;padding-top:0px;padding-right:0px;padding-bottom:0px;padding-left:0px;}.wp-block-kadence-advancedheading.kt-adv-heading1736_cb7df2-74 img.kb-inline-image, .wp-block-kadence-advancedheading.kt-adv-heading1736_cb7df2-74[data-kb-block=\"kb-adv-heading1736_cb7df2-74\"] img.kb-inline-image{width:150px;vertical-align:baseline;}<\/style>\n<h1 class=\"kt-adv-heading1736_cb7df2-74 wp-block-kadence-advancedheading\" data-kb-block=\"kb-adv-heading1736_cb7df2-74\">Pol\u00edtica de Calidade<\/h1>\n\n\n\n<p>Entendemos a calidade como mellora continua e a procura da excelencia en todos e cada un dos procesos e actividades que levamos a cabo para xestionar a electricidade desde produtores que non xeran CO2 a todo tipo de consumidores finais: fogares, pemes e usuarios industriais.<\/p>\n\n\n\n<p>O noso obxectivo \u00e9 contribu\u00edr \u00e1 descarbonizaci\u00f3n da sociedade no \u00e1mbito da electricidade.<\/p>\n\n\n\n<p>Para alcanzar os nosos obxectivos, contamos cun equipo t\u00e9cnico altamente cualificado e esforz\u00e1monos por crear un bo ambiente de traballo e condici\u00f3ns que permitan ao equipo achegar o seu talento e visi\u00f3ns para implementar soluci\u00f3ns relacionadas co obxectivo principal de RESPIRA: descarbonizar.<\/p>\n\n\n\n<p>Esta pol\u00edtica est\u00e9ndese a todo o equipo de profesionais que forman parte de RESPIRA pero que non traballan fisicamente na sede de Barcelona.<\/p>\n\n\n\n<p>Esta pol\u00edtica contempla e est\u00e1 a disposici\u00f3n de todos os interesados.<\/p>\n\n\n\n<p>As\u00ed mesmo, RESPIRA comprom\u00e9tese a mellorar continua e periodicamente o sistema de xesti\u00f3n da calidade implantado, as\u00ed como a cumprir cos requisitos legais aplicables.<\/p>\n\n\n\n<p>A actividade que RESPIRA considera cumprir coa calidade esixida segundo a Norma Internacional ISO 9001:2015 \u00e9 a de:<\/p>\n\n\n\n<p><strong>Comercializaci\u00f3n de electricidade libre de CO2<\/strong><\/p>\n\n\n\n<object data=\"https:\/\/comercial.respiraenergia.com\/wp-content\/uploads\/2025\/10\/ISO-9001-CAT-RESPIRA-ENERGIA-REN_signed.pdf\" style=\"width:100%;height:550px\"><\/object>\n<\/div><\/div>\n\n<\/div><\/div>","protected":false},"excerpt":{"rendered":"<p>Pol\u00edtica de Calidade Entendemos a calidade como mellora continua e a procura da excelencia en todos e cada un dos procesos e actividades que levamos a cabo para xestionar a electricidade desde produtores que non xeran CO2 a todo tipo de consumidores finais: fogares, pemes e usuarios industriais. O noso obxectivo \u00e9 contribu\u00edr \u00e1 descarbonizaci\u00f3n&#8230;<\/p>\n","protected":false},"author":1,"featured_media":0,"parent":0,"menu_order":0,"comment_status":"closed","ping_status":"closed","template":"","meta":{"_acf_changed":false,"inline_featured_image":false,"_kad_blocks_custom_css":"","_kad_blocks_head_custom_js":"","_kad_blocks_body_custom_js":"","_kad_blocks_footer_custom_js":"","_kad_post_transparent":"","_kad_post_title":"","_kad_post_layout":"","_kad_post_sidebar_id":"","_kad_post_content_style":"","_kad_post_vertical_padding":"","_kad_post_feature":"","_kad_post_feature_position":"","_kad_post_header":false,"_kad_post_footer":false,"_kad_post_classname":"","footnotes":""},"class_list":["post-1736","page","type-page","status-publish","hentry"],"acf":[],"yoast_head":"<!-- This site is optimized with the Yoast SEO plugin v26.8 - https:\/\/yoast.com\/product\/yoast-seo-wordpress\/ -->\n<title>Pol\u00edtica de Calidade - Respira, electricitat sense CO2<\/title>\n<meta name=\"robots\" content=\"index, follow, max-snippet:-1, max-image-preview:large, max-video-preview:-1\" \/>\n<link rel=\"canonical\" href=\"https:\/\/comercial.respiraenergia.com\/gl\/politica-de-calidade\/\" \/>\n<meta property=\"og:locale\" content=\"gl_ES\" \/>\n<meta property=\"og:type\" content=\"article\" \/>\n<meta property=\"og:title\" content=\"Pol\u00edtica de Calidade - Respira, electricitat sense CO2\" \/>\n<meta property=\"og:description\" content=\"Pol\u00edtica de Calidade Entendemos a calidade como mellora continua e a procura da excelencia en todos e cada un dos procesos e actividades que levamos a cabo para xestionar a electricidade desde produtores que non xeran CO2 a todo tipo de consumidores finais: fogares, pemes e usuarios industriais. O noso obxectivo \u00e9 contribu\u00edr \u00e1 descarbonizaci\u00f3n...\" \/>\n<meta property=\"og:url\" content=\"https:\/\/comercial.respiraenergia.com\/gl\/politica-de-calidade\/\" \/>\n<meta property=\"og:site_name\" content=\"Respira, electricitat sense CO2\" \/>\n<meta property=\"article:modified_time\" content=\"2025-10-16T08:01:56+00:00\" \/>\n<meta name=\"twitter:card\" content=\"summary_large_image\" \/>\n<meta name=\"twitter:label1\" content=\"Tempo de lectura\" \/>\n\t<meta name=\"twitter:data1\" content=\"2 minutos\" \/>\n<script type=\"application\/ld+json\" class=\"yoast-schema-graph\">{\"@context\":\"https:\/\/schema.org\",\"@graph\":[{\"@type\":\"WebPage\",\"@id\":\"https:\/\/comercial.respiraenergia.com\/gl\/politica-de-calidade\/\",\"url\":\"https:\/\/comercial.respiraenergia.com\/gl\/politica-de-calidade\/\",\"name\":\"Pol\u00edtica de Calidade - Respira, electricitat sense CO2\",\"isPartOf\":{\"@id\":\"https:\/\/comercial.respiraenergia.com\/gl\/#website\"},\"datePublished\":\"2025-03-10T08:50:55+00:00\",\"dateModified\":\"2025-10-16T08:01:56+00:00\",\"breadcrumb\":{\"@id\":\"https:\/\/comercial.respiraenergia.com\/gl\/politica-de-calidade\/#breadcrumb\"},\"inLanguage\":\"gl-ES\",\"potentialAction\":[{\"@type\":\"ReadAction\",\"target\":[\"https:\/\/comercial.respiraenergia.com\/gl\/politica-de-calidade\/\"]}]},{\"@type\":\"BreadcrumbList\",\"@id\":\"https:\/\/comercial.respiraenergia.com\/gl\/politica-de-calidade\/#breadcrumb\",\"itemListElement\":[{\"@type\":\"ListItem\",\"position\":1,\"name\":\"Home\",\"item\":\"https:\/\/comercial.respiraenergia.com\/gl\/\"},{\"@type\":\"ListItem\",\"position\":2,\"name\":\"Pol\u00edtica de Calidade\"}]},{\"@type\":\"WebSite\",\"@id\":\"https:\/\/comercial.respiraenergia.com\/gl\/#website\",\"url\":\"https:\/\/comercial.respiraenergia.com\/gl\/\",\"name\":\"Respira, electricitat sense CO2\",\"description\":\"El futur de les renovables m\u00e9s a prop teu\",\"publisher\":{\"@id\":\"https:\/\/comercial.respiraenergia.com\/gl\/#organization\"},\"potentialAction\":[{\"@type\":\"SearchAction\",\"target\":{\"@type\":\"EntryPoint\",\"urlTemplate\":\"https:\/\/comercial.respiraenergia.com\/gl\/?s={search_term_string}\"},\"query-input\":{\"@type\":\"PropertyValueSpecification\",\"valueRequired\":true,\"valueName\":\"search_term_string\"}}],\"inLanguage\":\"gl-ES\"},{\"@type\":\"Organization\",\"@id\":\"https:\/\/comercial.respiraenergia.com\/gl\/#organization\",\"name\":\"Respira, electricitat sense CO2\",\"url\":\"https:\/\/comercial.respiraenergia.com\/gl\/\",\"logo\":{\"@type\":\"ImageObject\",\"inLanguage\":\"gl-ES\",\"@id\":\"https:\/\/comercial.respiraenergia.com\/gl\/#\/schema\/logo\/image\/\",\"url\":\"https:\/\/comercial.respiraenergia.com\/wp-content\/uploads\/2025\/03\/logo_respira_v2.svg\",\"contentUrl\":\"https:\/\/comercial.respiraenergia.com\/wp-content\/uploads\/2025\/03\/logo_respira_v2.svg\",\"caption\":\"Respira, electricitat sense CO2\"},\"image\":{\"@id\":\"https:\/\/comercial.respiraenergia.com\/gl\/#\/schema\/logo\/image\/\"}}]}<\/script>\n<!-- \/ Yoast SEO plugin. -->","yoast_head_json":{"title":"Pol\u00edtica de Calidade - Respira, electricitat sense CO2","robots":{"index":"index","follow":"follow","max-snippet":"max-snippet:-1","max-image-preview":"max-image-preview:large","max-video-preview":"max-video-preview:-1"},"canonical":"https:\/\/comercial.respiraenergia.com\/gl\/politica-de-calidade\/","og_locale":"gl_ES","og_type":"article","og_title":"Pol\u00edtica de Calidade - Respira, electricitat sense CO2","og_description":"Pol\u00edtica de Calidade Entendemos a calidade como mellora continua e a procura da excelencia en todos e cada un dos procesos e actividades que levamos a cabo para xestionar a electricidade desde produtores que non xeran CO2 a todo tipo de consumidores finais: fogares, pemes e usuarios industriais. O noso obxectivo \u00e9 contribu\u00edr \u00e1 descarbonizaci\u00f3n...","og_url":"https:\/\/comercial.respiraenergia.com\/gl\/politica-de-calidade\/","og_site_name":"Respira, electricitat sense CO2","article_modified_time":"2025-10-16T08:01:56+00:00","twitter_card":"summary_large_image","twitter_misc":{"Tempo de lectura":"2 minutos"},"schema":{"@context":"https:\/\/schema.org","@graph":[{"@type":"WebPage","@id":"https:\/\/comercial.respiraenergia.com\/gl\/politica-de-calidade\/","url":"https:\/\/comercial.respiraenergia.com\/gl\/politica-de-calidade\/","name":"Pol\u00edtica de Calidade - Respira, electricitat sense CO2","isPartOf":{"@id":"https:\/\/comercial.respiraenergia.com\/gl\/#website"},"datePublished":"2025-03-10T08:50:55+00:00","dateModified":"2025-10-16T08:01:56+00:00","breadcrumb":{"@id":"https:\/\/comercial.respiraenergia.com\/gl\/politica-de-calidade\/#breadcrumb"},"inLanguage":"gl-ES","potentialAction":[{"@type":"ReadAction","target":["https:\/\/comercial.respiraenergia.com\/gl\/politica-de-calidade\/"]}]},{"@type":"BreadcrumbList","@id":"https:\/\/comercial.respiraenergia.com\/gl\/politica-de-calidade\/#breadcrumb","itemListElement":[{"@type":"ListItem","position":1,"name":"Home","item":"https:\/\/comercial.respiraenergia.com\/gl\/"},{"@type":"ListItem","position":2,"name":"Pol\u00edtica de Calidade"}]},{"@type":"WebSite","@id":"https:\/\/comercial.respiraenergia.com\/gl\/#website","url":"https:\/\/comercial.respiraenergia.com\/gl\/","name":"Respira, electricitat sense CO2","description":"El futur de les renovables m\u00e9s a prop teu","publisher":{"@id":"https:\/\/comercial.respiraenergia.com\/gl\/#organization"},"potentialAction":[{"@type":"SearchAction","target":{"@type":"EntryPoint","urlTemplate":"https:\/\/comercial.respiraenergia.com\/gl\/?s={search_term_string}"},"query-input":{"@type":"PropertyValueSpecification","valueRequired":true,"valueName":"search_term_string"}}],"inLanguage":"gl-ES"},{"@type":"Organization","@id":"https:\/\/comercial.respiraenergia.com\/gl\/#organization","name":"Respira, electricitat sense CO2","url":"https:\/\/comercial.respiraenergia.com\/gl\/","logo":{"@type":"ImageObject","inLanguage":"gl-ES","@id":"https:\/\/comercial.respiraenergia.com\/gl\/#\/schema\/logo\/image\/","url":"https:\/\/comercial.respiraenergia.com\/wp-content\/uploads\/2025\/03\/logo_respira_v2.svg","contentUrl":"https:\/\/comercial.respiraenergia.com\/wp-content\/uploads\/2025\/03\/logo_respira_v2.svg","caption":"Respira, electricitat sense CO2"},"image":{"@id":"https:\/\/comercial.respiraenergia.com\/gl\/#\/schema\/logo\/image\/"}}]}},"taxonomy_info":[],"featured_image_src_large":false,"author_info":{"display_name":"jordi","author_link":"https:\/\/comercial.respiraenergia.com\/gl\/author\/jordi\/"},"comment_info":"","_links":{"self":[{"href":"https:\/\/comercial.respiraenergia.com\/gl\/wp-json\/wp\/v2\/pages\/1736","targetHints":{"allow":["GET"]}}],"collection":[{"href":"https:\/\/comercial.respiraenergia.com\/gl\/wp-json\/wp\/v2\/pages"}],"about":[{"href":"https:\/\/comercial.respiraenergia.com\/gl\/wp-json\/wp\/v2\/types\/page"}],"author":[{"embeddable":true,"href":"https:\/\/comercial.respiraenergia.com\/gl\/wp-json\/wp\/v2\/users\/1"}],"replies":[{"embeddable":true,"href":"https:\/\/comercial.respiraenergia.com\/gl\/wp-json\/wp\/v2\/comments?post=1736"}],"version-history":[{"count":2,"href":"https:\/\/comercial.respiraenergia.com\/gl\/wp-json\/wp\/v2\/pages\/1736\/revisions"}],"predecessor-version":[{"id":3740,"href":"https:\/\/comercial.respiraenergia.com\/gl\/wp-json\/wp\/v2\/pages\/1736\/revisions\/3740"}],"wp:attachment":[{"href":"https:\/\/comercial.respiraenergia.com\/gl\/wp-json\/wp\/v2\/media?parent=1736"}],"curies":[{"name":"wp","href":"https:\/\/api.w.org\/{rel}","templated":true}]}}