{"id":1539,"date":"2025-02-14T15:18:45","date_gmt":"2025-02-14T14:18:45","guid":{"rendered":"https:\/\/comercial.respiraenergia.com\/politique-de-confidentialite\/"},"modified":"2025-03-12T12:41:44","modified_gmt":"2025-03-12T11:41:44","slug":"politique-de-confidentialite","status":"publish","type":"page","link":"https:\/\/comercial.respiraenergia.com\/fr\/politique-de-confidentialite\/","title":{"rendered":"Politique de confidentialit\u00e9"},"content":{"rendered":"<style>.kb-row-layout-id3_5951d7-d9 > .kt-row-column-wrap{align-content:start;}:where(.kb-row-layout-id3_5951d7-d9 > .kt-row-column-wrap) > .wp-block-kadence-column{justify-content:start;}.kb-row-layout-id3_5951d7-d9 > .kt-row-column-wrap{column-gap:var(--global-kb-gap-md, 2rem);row-gap:var(--global-kb-gap-md, 2rem);padding-top:var(--global-kb-spacing-xxl, 5rem);padding-bottom:var(--global-kb-spacing-xxl, 5rem);grid-template-columns:minmax(0, 1fr);}.kb-row-layout-id3_5951d7-d9 > .kt-row-layout-overlay{opacity:0.30;}@media all and (max-width: 1024px){.kb-row-layout-id3_5951d7-d9 > .kt-row-column-wrap{grid-template-columns:minmax(0, 1fr);}}@media all and (max-width: 767px){.kb-row-layout-id3_5951d7-d9 > .kt-row-column-wrap{grid-template-columns:minmax(0, 1fr);}}<\/style><div class=\"kb-row-layout-wrap kb-row-layout-id3_5951d7-d9 alignnone wp-block-kadence-rowlayout\"><div class=\"kt-row-column-wrap kt-has-1-columns kt-row-layout-equal kt-tab-layout-inherit kt-mobile-layout-row kt-row-valign-top\">\n<style>.kadence-column3_0b8d3d-ec > .kt-inside-inner-col,.kadence-column3_0b8d3d-ec > .kt-inside-inner-col:before{border-top-left-radius:0px;border-top-right-radius:0px;border-bottom-right-radius:0px;border-bottom-left-radius:0px;}.kadence-column3_0b8d3d-ec > .kt-inside-inner-col{column-gap:var(--global-kb-gap-sm, 1rem);}.kadence-column3_0b8d3d-ec > .kt-inside-inner-col{flex-direction:column;}.kadence-column3_0b8d3d-ec > .kt-inside-inner-col > .aligncenter{width:100%;}.kadence-column3_0b8d3d-ec > .kt-inside-inner-col:before{opacity:0.3;}.kadence-column3_0b8d3d-ec{position:relative;}@media all and (max-width: 1024px){.kadence-column3_0b8d3d-ec > .kt-inside-inner-col{flex-direction:column;justify-content:center;}}@media all and (max-width: 767px){.kadence-column3_0b8d3d-ec > .kt-inside-inner-col{flex-direction:column;justify-content:center;}}<\/style>\n<div class=\"wp-block-kadence-column kadence-column3_0b8d3d-ec\"><div class=\"kt-inside-inner-col\"><style>.wp-block-kadence-advancedheading.kt-adv-heading3_ee59cf-b1, .wp-block-kadence-advancedheading.kt-adv-heading3_ee59cf-b1[data-kb-block=\"kb-adv-heading3_ee59cf-b1\"]{font-size:var(--global-kb-font-size-xl, 3rem);font-style:normal;}.wp-block-kadence-advancedheading.kt-adv-heading3_ee59cf-b1 mark.kt-highlight, .wp-block-kadence-advancedheading.kt-adv-heading3_ee59cf-b1[data-kb-block=\"kb-adv-heading3_ee59cf-b1\"] mark.kt-highlight{font-style:normal;color:#f76a0c;-webkit-box-decoration-break:clone;box-decoration-break:clone;padding-top:0px;padding-right:0px;padding-bottom:0px;padding-left:0px;}.wp-block-kadence-advancedheading.kt-adv-heading3_ee59cf-b1 img.kb-inline-image, .wp-block-kadence-advancedheading.kt-adv-heading3_ee59cf-b1[data-kb-block=\"kb-adv-heading3_ee59cf-b1\"] img.kb-inline-image{width:150px;vertical-align:baseline;}<\/style>\n<h1 class=\"kt-adv-heading3_ee59cf-b1 wp-block-kadence-advancedheading\" data-kb-block=\"kb-adv-heading3_ee59cf-b1\">Politique de confidentialit\u00e9<\/h1>\n\n\n\n<p>Chez RESPIRA, nous sommes conscients de l\u2019importance d\u2019obtenir des informations claires et transparentes sur l\u2019utilisation que nous faisons des informations qui nous sont fournies. Par le biais de cette politique de confidentialit\u00e9, nous d\u00e9taillons la mani\u00e8re dont nous traitons vos donn\u00e9es personnelles lorsqu\u2019elles sont li\u00e9es \u00e0 RESPIRA.<br\/>En visitant nos sites Web, vous acceptez la pr\u00e9sente politique de confidentialit\u00e9.   <\/p>\n\n\n<style>.wp-block-kadence-advancedheading.kt-adv-heading3_13d909-30, .wp-block-kadence-advancedheading.kt-adv-heading3_13d909-30[data-kb-block=\"kb-adv-heading3_13d909-30\"]{font-size:28px;font-style:normal;}.wp-block-kadence-advancedheading.kt-adv-heading3_13d909-30 mark.kt-highlight, .wp-block-kadence-advancedheading.kt-adv-heading3_13d909-30[data-kb-block=\"kb-adv-heading3_13d909-30\"] mark.kt-highlight{font-style:normal;color:#f76a0c;-webkit-box-decoration-break:clone;box-decoration-break:clone;padding-top:0px;padding-right:0px;padding-bottom:0px;padding-left:0px;}.wp-block-kadence-advancedheading.kt-adv-heading3_13d909-30 img.kb-inline-image, .wp-block-kadence-advancedheading.kt-adv-heading3_13d909-30[data-kb-block=\"kb-adv-heading3_13d909-30\"] img.kb-inline-image{width:150px;vertical-align:baseline;}<\/style>\n<h2 class=\"kt-adv-heading3_13d909-30 wp-block-kadence-advancedheading\" data-kb-block=\"kb-adv-heading3_13d909-30\">Qui est responsable du traitement de vos donn\u00e9es ?<\/h2>\n\n\n\n<p><strong>Identit\u00e9<\/strong><\/p>\n\n\n\n<p>RESPIRA ENERGIA, S.A. Par RESPIRA ENERGIA MEDITERR\u00c0NIA, S.A. CIF A-65376766<br\/>RESPIRA ENERGIA ATL\u00c1TNICA, S.L. CIF B-02789220  <\/p>\n\n\n\n<p><strong>T\u00e9l\u00e9phone<\/strong><\/p>\n\n\n\n<p>T\u00c9L. : 900 732 012<br\/>ESP : 900 732 016 &#8211; 900 732 013<\/p>\n\n\n\n<p><strong>Messagerie \u00e9lectronique<\/strong><\/p>\n\n\n\n<p><a href=\"mailto:privacy@respiraenergia.com\">privacy@respiraenergia.com<\/a><\/p>\n\n\n<style>.wp-block-kadence-advancedheading.kt-adv-heading3_f11920-64, .wp-block-kadence-advancedheading.kt-adv-heading3_f11920-64[data-kb-block=\"kb-adv-heading3_f11920-64\"]{font-size:28px;font-style:normal;}.wp-block-kadence-advancedheading.kt-adv-heading3_f11920-64 mark.kt-highlight, .wp-block-kadence-advancedheading.kt-adv-heading3_f11920-64[data-kb-block=\"kb-adv-heading3_f11920-64\"] mark.kt-highlight{font-style:normal;color:#f76a0c;-webkit-box-decoration-break:clone;box-decoration-break:clone;padding-top:0px;padding-right:0px;padding-bottom:0px;padding-left:0px;}.wp-block-kadence-advancedheading.kt-adv-heading3_f11920-64 img.kb-inline-image, .wp-block-kadence-advancedheading.kt-adv-heading3_f11920-64[data-kb-block=\"kb-adv-heading3_f11920-64\"] img.kb-inline-image{width:150px;vertical-align:baseline;}<\/style>\n<h2 class=\"kt-adv-heading3_f11920-64 wp-block-kadence-advancedheading\" data-kb-block=\"kb-adv-heading3_f11920-64\">Dans quel but traitons-nous vos donn\u00e9es ?<\/h2>\n\n\n\n<p>Gestion de notre relation contractuelle, gestion des factures, fid\u00e9lisation en tant qu\u2019utilisateur et r\u00e9alisation d\u2019enqu\u00eates sur la qualit\u00e9 de service.<br\/>Pour permettre le fonctionnement de nos sites web, par le biais de cookies techniques et fonctionnels tels que d\u00e9taill\u00e9s dans notre politique de cookies <a href=\"https:\/\/www.respiraenergia.com\/Home\/PoliticaCookies\">https:\/\/www.respiraenergia.com\/Home\/PoliticaCookies<\/a><\/p>\n\n\n<style>.wp-block-kadence-advancedheading.kt-adv-heading3_ddaa71-20, .wp-block-kadence-advancedheading.kt-adv-heading3_ddaa71-20[data-kb-block=\"kb-adv-heading3_ddaa71-20\"]{font-size:28px;font-style:normal;}.wp-block-kadence-advancedheading.kt-adv-heading3_ddaa71-20 mark.kt-highlight, .wp-block-kadence-advancedheading.kt-adv-heading3_ddaa71-20[data-kb-block=\"kb-adv-heading3_ddaa71-20\"] mark.kt-highlight{font-style:normal;color:#f76a0c;-webkit-box-decoration-break:clone;box-decoration-break:clone;padding-top:0px;padding-right:0px;padding-bottom:0px;padding-left:0px;}.wp-block-kadence-advancedheading.kt-adv-heading3_ddaa71-20 img.kb-inline-image, .wp-block-kadence-advancedheading.kt-adv-heading3_ddaa71-20[data-kb-block=\"kb-adv-heading3_ddaa71-20\"] img.kb-inline-image{width:150px;vertical-align:baseline;}<\/style>\n<h2 class=\"kt-adv-heading3_ddaa71-20 wp-block-kadence-advancedheading\" data-kb-block=\"kb-adv-heading3_ddaa71-20\">Combien de temps conserverons-nous vos donn\u00e9es ?<\/h2>\n\n\n\n<p>Vos donn\u00e9es personnelles seront conserv\u00e9es aussi longtemps que votre relation avec le groupe RESPIRA sera maintenue et, apr\u00e8s la cessation de cette relation pour quelque raison que ce soit, pendant les d\u00e9lais de prescription l\u00e9gale applicables.<br\/>Une fois cette relation avec le groupe RESPIRA termin\u00e9e, vos donn\u00e9es seront trait\u00e9es dans le seul but d\u2019accr\u00e9diter le respect des obligations l\u00e9gales.<br\/>A l\u2019issue de ces d\u00e9lais de prescription, vos donn\u00e9es seront supprim\u00e9es.<\/p>\n\n\n<style>.wp-block-kadence-advancedheading.kt-adv-heading3_a22246-69, .wp-block-kadence-advancedheading.kt-adv-heading3_a22246-69[data-kb-block=\"kb-adv-heading3_a22246-69\"]{font-size:28px;font-style:normal;}.wp-block-kadence-advancedheading.kt-adv-heading3_a22246-69 mark.kt-highlight, .wp-block-kadence-advancedheading.kt-adv-heading3_a22246-69[data-kb-block=\"kb-adv-heading3_a22246-69\"] mark.kt-highlight{font-style:normal;color:#f76a0c;-webkit-box-decoration-break:clone;box-decoration-break:clone;padding-top:0px;padding-right:0px;padding-bottom:0px;padding-left:0px;}.wp-block-kadence-advancedheading.kt-adv-heading3_a22246-69 img.kb-inline-image, .wp-block-kadence-advancedheading.kt-adv-heading3_a22246-69[data-kb-block=\"kb-adv-heading3_a22246-69\"] img.kb-inline-image{width:150px;vertical-align:baseline;}<\/style>\n<h2 class=\"kt-adv-heading3_a22246-69 wp-block-kadence-advancedheading\" data-kb-block=\"kb-adv-heading3_a22246-69\">Quelle est la l\u00e9gitimit\u00e9 du traitement de vos donn\u00e9es ?<\/h2>\n\n\n\n<p>Vos donn\u00e9es proviennent de la relation contractuelle entre les parties \u00e0 la suite de la signature d\u2019un contrat avec le groupe RESPIRA.<\/p>\n\n\n<style>.wp-block-kadence-advancedheading.kt-adv-heading3_623d92-7a, .wp-block-kadence-advancedheading.kt-adv-heading3_623d92-7a[data-kb-block=\"kb-adv-heading3_623d92-7a\"]{font-size:28px;font-style:normal;}.wp-block-kadence-advancedheading.kt-adv-heading3_623d92-7a mark.kt-highlight, .wp-block-kadence-advancedheading.kt-adv-heading3_623d92-7a[data-kb-block=\"kb-adv-heading3_623d92-7a\"] mark.kt-highlight{font-style:normal;color:#f76a0c;-webkit-box-decoration-break:clone;box-decoration-break:clone;padding-top:0px;padding-right:0px;padding-bottom:0px;padding-left:0px;}.wp-block-kadence-advancedheading.kt-adv-heading3_623d92-7a img.kb-inline-image, .wp-block-kadence-advancedheading.kt-adv-heading3_623d92-7a[data-kb-block=\"kb-adv-heading3_623d92-7a\"] img.kb-inline-image{width:150px;vertical-align:baseline;}<\/style>\n<h2 class=\"kt-adv-heading3_623d92-7a wp-block-kadence-advancedheading\" data-kb-block=\"kb-adv-heading3_623d92-7a\">\u00c0 qui communiquerons-nous vos donn\u00e9es ?<\/h2>\n\n\n\n<p>RESPIRA garantit qu\u2019en aucun cas elle ne vend, n\u2019offre et\/ou ne commercialise avec ses donn\u00e9es d\u2019utilisateur.<\/p>\n\n\n<style>.wp-block-kadence-advancedheading.kt-adv-heading3_ae8f2c-34, .wp-block-kadence-advancedheading.kt-adv-heading3_ae8f2c-34[data-kb-block=\"kb-adv-heading3_ae8f2c-34\"]{font-size:28px;font-style:normal;}.wp-block-kadence-advancedheading.kt-adv-heading3_ae8f2c-34 mark.kt-highlight, .wp-block-kadence-advancedheading.kt-adv-heading3_ae8f2c-34[data-kb-block=\"kb-adv-heading3_ae8f2c-34\"] mark.kt-highlight{font-style:normal;color:#f76a0c;-webkit-box-decoration-break:clone;box-decoration-break:clone;padding-top:0px;padding-right:0px;padding-bottom:0px;padding-left:0px;}.wp-block-kadence-advancedheading.kt-adv-heading3_ae8f2c-34 img.kb-inline-image, .wp-block-kadence-advancedheading.kt-adv-heading3_ae8f2c-34[data-kb-block=\"kb-adv-heading3_ae8f2c-34\"] img.kb-inline-image{width:150px;vertical-align:baseline;}<\/style>\n<h2 class=\"kt-adv-heading3_ae8f2c-34 wp-block-kadence-advancedheading\" data-kb-block=\"kb-adv-heading3_ae8f2c-34\">Quels sont vos droits lorsque vous nous fournissez vos donn\u00e9es ?<\/h2>\n\n\n\n<p>Les utilisateurs de RESPIRA ont le droit d\u2019acc\u00e9der \u00e0 leurs donn\u00e9es personnelles, ainsi que de demander la rectification des donn\u00e9es inexactes ou, le cas \u00e9ch\u00e9ant, de demander leur suppression lorsque, entre autres raisons, les donn\u00e9es ne sont plus n\u00e9cessaires aux fins pour lesquelles elles ont \u00e9t\u00e9 fournies. L\u2019exercice des droits susvis\u00e9s peut se faire par courrier \u00e9lectronique \u00e0 <a href=\"mailto:privacy@respiraenergia.com\">privacy@respiraenergia.com<\/a> ou en envoyant un courrier au si\u00e8ge social de la soci\u00e9t\u00e9 du groupe RESPIRA \u00e0 laquelle il est adress\u00e9.   <\/p>\n\n\n<style>.wp-block-kadence-advancedheading.kt-adv-heading3_c34073-db, .wp-block-kadence-advancedheading.kt-adv-heading3_c34073-db[data-kb-block=\"kb-adv-heading3_c34073-db\"]{font-size:28px;font-style:normal;}.wp-block-kadence-advancedheading.kt-adv-heading3_c34073-db mark.kt-highlight, .wp-block-kadence-advancedheading.kt-adv-heading3_c34073-db[data-kb-block=\"kb-adv-heading3_c34073-db\"] mark.kt-highlight{font-style:normal;color:#f76a0c;-webkit-box-decoration-break:clone;box-decoration-break:clone;padding-top:0px;padding-right:0px;padding-bottom:0px;padding-left:0px;}.wp-block-kadence-advancedheading.kt-adv-heading3_c34073-db img.kb-inline-image, .wp-block-kadence-advancedheading.kt-adv-heading3_c34073-db[data-kb-block=\"kb-adv-heading3_c34073-db\"] img.kb-inline-image{width:150px;vertical-align:baseline;}<\/style>\n<h2 class=\"kt-adv-heading3_c34073-db wp-block-kadence-advancedheading\" data-kb-block=\"kb-adv-heading3_c34073-db\">Contact<\/h2>\n\n\n\n<p>Si vous avez des questions sur le traitement de vos donn\u00e9es, vous pouvez <a href=\"mailto:privacy@respiraenergia.com\">privacy@respiraenergia.com contacter.<\/a><\/p>\n<\/div><\/div>\n\n<\/div><\/div>","protected":false},"excerpt":{"rendered":"<p>Politique de confidentialit\u00e9 Chez RESPIRA, nous sommes conscients de l\u2019importance d\u2019obtenir des informations claires et transparentes sur l\u2019utilisation que nous faisons des informations qui nous sont fournies. Par le biais de cette politique de confidentialit\u00e9, nous d\u00e9taillons la mani\u00e8re dont nous traitons vos donn\u00e9es personnelles lorsqu\u2019elles sont li\u00e9es \u00e0 RESPIRA.En visitant nos sites Web, vous&#8230;<\/p>\n","protected":false},"author":1,"featured_media":0,"parent":0,"menu_order":0,"comment_status":"closed","ping_status":"closed","template":"","meta":{"_acf_changed":false,"inline_featured_image":false,"_kad_blocks_custom_css":"","_kad_blocks_head_custom_js":"","_kad_blocks_body_custom_js":"","_kad_blocks_footer_custom_js":"","_kad_post_transparent":"","_kad_post_title":"","_kad_post_layout":"","_kad_post_sidebar_id":"","_kad_post_content_style":"","_kad_post_vertical_padding":"","_kad_post_feature":"","_kad_post_feature_position":"","_kad_post_header":false,"_kad_post_footer":false,"_kad_post_classname":"","footnotes":""},"class_list":["post-1539","page","type-page","status-publish","hentry"],"acf":[],"yoast_head":"<!-- This site is optimized with the Yoast SEO plugin v26.8 - https:\/\/yoast.com\/product\/yoast-seo-wordpress\/ -->\n<title>Politique de confidentialit\u00e9 - Respira, electricitat sense CO2<\/title>\n<meta name=\"robots\" content=\"index, follow, max-snippet:-1, max-image-preview:large, max-video-preview:-1\" \/>\n<link rel=\"canonical\" href=\"https:\/\/comercial.respiraenergia.com\/fr\/politique-de-confidentialite\/\" \/>\n<meta property=\"og:locale\" content=\"fr_FR\" \/>\n<meta property=\"og:type\" content=\"article\" \/>\n<meta property=\"og:title\" content=\"Politique de confidentialit\u00e9 - Respira, electricitat sense CO2\" \/>\n<meta property=\"og:description\" content=\"Politique de confidentialit\u00e9 Chez RESPIRA, nous sommes conscients de l\u2019importance d\u2019obtenir des informations claires et transparentes sur l\u2019utilisation que nous faisons des informations qui nous sont fournies. Par le biais de cette politique de confidentialit\u00e9, nous d\u00e9taillons la mani\u00e8re dont nous traitons vos donn\u00e9es personnelles lorsqu\u2019elles sont li\u00e9es \u00e0 RESPIRA.En visitant nos sites Web, vous...\" \/>\n<meta property=\"og:url\" content=\"https:\/\/comercial.respiraenergia.com\/fr\/politique-de-confidentialite\/\" \/>\n<meta property=\"og:site_name\" content=\"Respira, electricitat sense CO2\" \/>\n<meta property=\"article:modified_time\" content=\"2025-03-12T11:41:44+00:00\" \/>\n<meta name=\"twitter:card\" content=\"summary_large_image\" \/>\n<meta name=\"twitter:label1\" content=\"Dur\u00e9e de lecture estim\u00e9e\" \/>\n\t<meta name=\"twitter:data1\" content=\"2 minutes\" \/>\n<script type=\"application\/ld+json\" class=\"yoast-schema-graph\">{\"@context\":\"https:\/\/schema.org\",\"@graph\":[{\"@type\":\"WebPage\",\"@id\":\"https:\/\/comercial.respiraenergia.com\/fr\/politique-de-confidentialite\/\",\"url\":\"https:\/\/comercial.respiraenergia.com\/fr\/politique-de-confidentialite\/\",\"name\":\"Politique de confidentialit\u00e9 - Respira, electricitat sense CO2\",\"isPartOf\":{\"@id\":\"https:\/\/comercial.respiraenergia.com\/fr\/#website\"},\"datePublished\":\"2025-02-14T14:18:45+00:00\",\"dateModified\":\"2025-03-12T11:41:44+00:00\",\"breadcrumb\":{\"@id\":\"https:\/\/comercial.respiraenergia.com\/fr\/politique-de-confidentialite\/#breadcrumb\"},\"inLanguage\":\"fr-FR\",\"potentialAction\":[{\"@type\":\"ReadAction\",\"target\":[\"https:\/\/comercial.respiraenergia.com\/fr\/politique-de-confidentialite\/\"]}]},{\"@type\":\"BreadcrumbList\",\"@id\":\"https:\/\/comercial.respiraenergia.com\/fr\/politique-de-confidentialite\/#breadcrumb\",\"itemListElement\":[{\"@type\":\"ListItem\",\"position\":1,\"name\":\"Home\",\"item\":\"https:\/\/comercial.respiraenergia.com\/fr\/\"},{\"@type\":\"ListItem\",\"position\":2,\"name\":\"Politique de confidentialit\u00e9\"}]},{\"@type\":\"WebSite\",\"@id\":\"https:\/\/comercial.respiraenergia.com\/fr\/#website\",\"url\":\"https:\/\/comercial.respiraenergia.com\/fr\/\",\"name\":\"Respira, electricitat sense CO2\",\"description\":\"El futur de les renovables m\u00e9s a prop teu\",\"publisher\":{\"@id\":\"https:\/\/comercial.respiraenergia.com\/fr\/#organization\"},\"potentialAction\":[{\"@type\":\"SearchAction\",\"target\":{\"@type\":\"EntryPoint\",\"urlTemplate\":\"https:\/\/comercial.respiraenergia.com\/fr\/?s={search_term_string}\"},\"query-input\":{\"@type\":\"PropertyValueSpecification\",\"valueRequired\":true,\"valueName\":\"search_term_string\"}}],\"inLanguage\":\"fr-FR\"},{\"@type\":\"Organization\",\"@id\":\"https:\/\/comercial.respiraenergia.com\/fr\/#organization\",\"name\":\"Respira, electricitat sense CO2\",\"url\":\"https:\/\/comercial.respiraenergia.com\/fr\/\",\"logo\":{\"@type\":\"ImageObject\",\"inLanguage\":\"fr-FR\",\"@id\":\"https:\/\/comercial.respiraenergia.com\/fr\/#\/schema\/logo\/image\/\",\"url\":\"https:\/\/comercial.respiraenergia.com\/wp-content\/uploads\/2025\/03\/logo_respira_v2.svg\",\"contentUrl\":\"https:\/\/comercial.respiraenergia.com\/wp-content\/uploads\/2025\/03\/logo_respira_v2.svg\",\"caption\":\"Respira, electricitat sense CO2\"},\"image\":{\"@id\":\"https:\/\/comercial.respiraenergia.com\/fr\/#\/schema\/logo\/image\/\"}}]}<\/script>\n<!-- \/ Yoast SEO plugin. -->","yoast_head_json":{"title":"Politique de confidentialit\u00e9 - Respira, electricitat sense CO2","robots":{"index":"index","follow":"follow","max-snippet":"max-snippet:-1","max-image-preview":"max-image-preview:large","max-video-preview":"max-video-preview:-1"},"canonical":"https:\/\/comercial.respiraenergia.com\/fr\/politique-de-confidentialite\/","og_locale":"fr_FR","og_type":"article","og_title":"Politique de confidentialit\u00e9 - Respira, electricitat sense CO2","og_description":"Politique de confidentialit\u00e9 Chez RESPIRA, nous sommes conscients de l\u2019importance d\u2019obtenir des informations claires et transparentes sur l\u2019utilisation que nous faisons des informations qui nous sont fournies. Par le biais de cette politique de confidentialit\u00e9, nous d\u00e9taillons la mani\u00e8re dont nous traitons vos donn\u00e9es personnelles lorsqu\u2019elles sont li\u00e9es \u00e0 RESPIRA.En visitant nos sites Web, vous...","og_url":"https:\/\/comercial.respiraenergia.com\/fr\/politique-de-confidentialite\/","og_site_name":"Respira, electricitat sense CO2","article_modified_time":"2025-03-12T11:41:44+00:00","twitter_card":"summary_large_image","twitter_misc":{"Dur\u00e9e de lecture estim\u00e9e":"2 minutes"},"schema":{"@context":"https:\/\/schema.org","@graph":[{"@type":"WebPage","@id":"https:\/\/comercial.respiraenergia.com\/fr\/politique-de-confidentialite\/","url":"https:\/\/comercial.respiraenergia.com\/fr\/politique-de-confidentialite\/","name":"Politique de confidentialit\u00e9 - Respira, electricitat sense CO2","isPartOf":{"@id":"https:\/\/comercial.respiraenergia.com\/fr\/#website"},"datePublished":"2025-02-14T14:18:45+00:00","dateModified":"2025-03-12T11:41:44+00:00","breadcrumb":{"@id":"https:\/\/comercial.respiraenergia.com\/fr\/politique-de-confidentialite\/#breadcrumb"},"inLanguage":"fr-FR","potentialAction":[{"@type":"ReadAction","target":["https:\/\/comercial.respiraenergia.com\/fr\/politique-de-confidentialite\/"]}]},{"@type":"BreadcrumbList","@id":"https:\/\/comercial.respiraenergia.com\/fr\/politique-de-confidentialite\/#breadcrumb","itemListElement":[{"@type":"ListItem","position":1,"name":"Home","item":"https:\/\/comercial.respiraenergia.com\/fr\/"},{"@type":"ListItem","position":2,"name":"Politique de confidentialit\u00e9"}]},{"@type":"WebSite","@id":"https:\/\/comercial.respiraenergia.com\/fr\/#website","url":"https:\/\/comercial.respiraenergia.com\/fr\/","name":"Respira, electricitat sense CO2","description":"El futur de les renovables m\u00e9s a prop teu","publisher":{"@id":"https:\/\/comercial.respiraenergia.com\/fr\/#organization"},"potentialAction":[{"@type":"SearchAction","target":{"@type":"EntryPoint","urlTemplate":"https:\/\/comercial.respiraenergia.com\/fr\/?s={search_term_string}"},"query-input":{"@type":"PropertyValueSpecification","valueRequired":true,"valueName":"search_term_string"}}],"inLanguage":"fr-FR"},{"@type":"Organization","@id":"https:\/\/comercial.respiraenergia.com\/fr\/#organization","name":"Respira, electricitat sense CO2","url":"https:\/\/comercial.respiraenergia.com\/fr\/","logo":{"@type":"ImageObject","inLanguage":"fr-FR","@id":"https:\/\/comercial.respiraenergia.com\/fr\/#\/schema\/logo\/image\/","url":"https:\/\/comercial.respiraenergia.com\/wp-content\/uploads\/2025\/03\/logo_respira_v2.svg","contentUrl":"https:\/\/comercial.respiraenergia.com\/wp-content\/uploads\/2025\/03\/logo_respira_v2.svg","caption":"Respira, electricitat sense CO2"},"image":{"@id":"https:\/\/comercial.respiraenergia.com\/fr\/#\/schema\/logo\/image\/"}}]}},"taxonomy_info":[],"featured_image_src_large":false,"author_info":{"display_name":"jordi","author_link":"https:\/\/comercial.respiraenergia.com\/fr\/author\/jordi\/"},"comment_info":"","_links":{"self":[{"href":"https:\/\/comercial.respiraenergia.com\/fr\/wp-json\/wp\/v2\/pages\/1539","targetHints":{"allow":["GET"]}}],"collection":[{"href":"https:\/\/comercial.respiraenergia.com\/fr\/wp-json\/wp\/v2\/pages"}],"about":[{"href":"https:\/\/comercial.respiraenergia.com\/fr\/wp-json\/wp\/v2\/types\/page"}],"author":[{"embeddable":true,"href":"https:\/\/comercial.respiraenergia.com\/fr\/wp-json\/wp\/v2\/users\/1"}],"replies":[{"embeddable":true,"href":"https:\/\/comercial.respiraenergia.com\/fr\/wp-json\/wp\/v2\/comments?post=1539"}],"version-history":[{"count":1,"href":"https:\/\/comercial.respiraenergia.com\/fr\/wp-json\/wp\/v2\/pages\/1539\/revisions"}],"predecessor-version":[{"id":1540,"href":"https:\/\/comercial.respiraenergia.com\/fr\/wp-json\/wp\/v2\/pages\/1539\/revisions\/1540"}],"wp:attachment":[{"href":"https:\/\/comercial.respiraenergia.com\/fr\/wp-json\/wp\/v2\/media?parent=1539"}],"curies":[{"name":"wp","href":"https:\/\/api.w.org\/{rel}","templated":true}]}}